{"id":2259,"date":"2025-11-06T09:41:50","date_gmt":"2025-11-06T08:41:50","guid":{"rendered":"https:\/\/dkmt.net\/?post_type=mec-events&#038;p=2259"},"modified":"2025-11-06T10:02:21","modified_gmt":"2025-11-06T09:02:21","slug":"cultural-events-in-arad-november-2025","status":"publish","type":"mec-events","link":"https:\/\/dkmt.net\/sr\/esemeny\/cultural-events-in-arad-november-2025\/","title":{"rendered":"Cultural events in Arad &#8211; November 2025"},"content":{"rendered":"<h1>Arad Museum Complex<\/h1>\n<ol>\n<li>Permanent exhibitions (all permanent exhibitions are open in the Arad Cultural Palace &#8211; George Enescu Square, no. 1):\n<ul>\n<li>Museum of Natural Sciences (Arad Cultural Palace, entrance from the Children&#8217;s Park)<\/li>\n<li>Archaeology (Arad Cultural Palace, entrance from Dragalina Boulevard)<\/li>\n<li>Art Gallery, exhibition Treasure 1848-1849, exhibition Arad &#8211; December 1989 (Arad Cultural Palace, 2nd floor, entrance from the Children&#8217;s Park)<\/li>\n<\/ul>\n<\/li>\n<li>Temporary exhibitions open in the Arad Cultural Palace (George Enescu Square, 1)\n<ul>\n<li>Exhibition &#8222;Medicinal Plants from the Museum&#8217;s Collections&#8221; (Museum of Natural Sciences &#8211; Arad Cultural Palace, entrance from the Children&#8217;s Park)<\/li>\n<li>Exhibition &#8222;Insignia of Saxon Associations from The evolution of social inclusion from guilds to social media&#8221; (Arad Cultural Palace, entrance from George<\/li>\n<\/ul>\n<\/li>\n<\/ol>\n<p>Enescu Square) &#8211; the exhibition, organized in partnership with the PRONUMISMATICA Association and the Arad Association for Humanitarian and Social Aid, is open until<\/p>\n<p>November 16.<\/p>\n<ul>\n<li>International Photographic Exhibition &#8222;Ars Fotografica&#8221;, 25th edition, Arad, 2025 &#8211;<\/li>\n<\/ul>\n<p>organized by the Foto Club Arad Association in partnership with the Arad County Council, the Arad County Cultural Center, the Arad Museum Complex (Arad Cultural Palace,<\/p>\n<p>entrance from the Children&#8217;s Park)<\/p>\n<ol start=\"3\">\n<li>Temporary exhibitions open at the &#8222;Clio&#8221; Gallery (Horia Street, 10)\n<ul>\n<li>International Photographic Art Exhibition of FotoClubPro Arad, 14th edition, Arad, 2025 organized by FotoClubPro Arad, the Arad County Cultural Center and the Arad County<\/li>\n<\/ul>\n<\/li>\n<\/ol>\n<p>Council, in partnership with the Arad Museum Complex<\/p>\n<p>VISIT PROGRAM OF PERMANENT AND TEMPORARY EXHIBITIONS<\/p>\n<p>Tuesday-Sunday: 09:00-17:00 (last entry: 16:30)<\/p>\n<p>The Arad Art Museum is closed for rehabilitation works in the building.<\/p>\n<p>&nbsp;<\/p>\n<h1>Arad Philharmonic<\/h1>\n<ul>\n<li>Concert in Arad: Music\u00e2me meetings<\/li>\n<\/ul>\n<p>&nbsp;<\/p>\n<p>Artists involved: Ensemble Music\u00e2me France<\/p>\n<p>Location: Arad Philharmonic &#8211; George Enescu Square, no. 1, Arad Program: November 23, 2025, 17:00 &#8211; 18:15<\/p>\n<p>Prices (net seller): Starting from 115 lei Tickets online or by phone: 0749979708<\/p>\n<p>From Vivaldi to Queen this concert is a universal musical journey between classic, opera, tango and emotion. Music\u00e2me France invites you to experience an exceptional concert in Arad, a unique event with a bright and generous program \u2014 ideal for a winter evening<\/p>\n<p>between dream, virtuosity and emotion. Thus, from Vivaldi to Queen, but also from Cantemir to Piazzolla, without forgetting the transition from Bach to Armstrong, this<\/p>\n<p>concert weaves a refined connection between the great classical masterpieces, operatic fantasies, modern tango and reinvented popular music. Therefore, you will travel a sensitive and vibrant route, which, at the same time, reveals music in all its colors \u2014 between elegance, strength and light.<\/p>\n<p>Artists: Issam Garfi Flute; Sabin Penea, Valentin Seignez-Bacquet Solo violin; Marcel Cameni\u021ba Viola; Darius Tereu Violoncello<\/p>\n<p>Program:<\/p>\n<ul>\n<li>I. Tchaikovsky: The Nutcracker \u2013 &#8222;Waltz of the Flowers&#8221;<\/li>\n<li>Vivaldi: The Seasons: Concerto in G minor &#8222;Winter&#8221; \u2013 Finale<\/li>\n<li>Cantemir: Pesrev Muhayer<\/li>\n<li>Thomas: Fantasy on the opera &#8222;Mignon&#8221;<\/li>\n<li>Sarasate: Fiddle Melodies<\/li>\n<li>Queen\/Mercury: Bohemian Rhapsody<\/li>\n<li>S. Bach\/J. Reinhardt: Aria &amp; Jazzy Allegro (from the Concerto for Two Violins)<\/li>\n<li>Piazzolla: Libertango<\/li>\n<li>Verdi: Fantasy on La Traviata<\/li>\n<li>Armstrong: What a Wonderful World<\/li>\n<li>Ravel: Concert rhapsody: &#8222;Tzigane&#8221;<\/li>\n<\/ul>\n<p>Ticket link: https:\/\/musicamefrance.com\/concert\/concert-la-arad-musicame\/ Facebook event: https:\/\/<a href=\"http:\/\/www.facebook.com\/events\/1343742367106766\">www.facebook.com\/events\/1343742367106766<\/a><\/p>\n<p>&nbsp;<\/p>\n<p>The International Festival of Arad Musical Autumn<\/p>\n<p>&nbsp;<\/p>\n<p>We are preparing to welcome the most spectacular manifestation of autumn, the festival that we dedicate to the season, music and its performers! The International Festival of Arad Musical Autumn returns this year with a collection of events dedicated to the most representative genres of classical music, symphonic or vocal symphonic masterpieces, creations for organ, piano, or voice and classical guitar.<\/p>\n<p>We are in the year 2025, &#8222;International Year &#8211; Johann Sebastian Bach, Maurice Ravel, George Enescu, B\u00e9la Bart\u00f3k&#8221;, and the universality of these overwhelming personalities defines the very special theme of this edition!<\/p>\n<p>We are waiting for you in six festival evenings, arranged in a comfortable time interval, between October 30 and November 13, 2025! Evenings that urge you to detach yourself from everyday life, to come and enjoy the enveloping world of sounds, harmonies and refreshing colors.<\/p>\n<p>&nbsp;<\/p>\n<p>Tuesday, November 4, 2025 at 7:00 PM, Cultural Palace Hall ENESCOOL<\/p>\n<p>Organ Recital &#8211; EDUARD ANTAL<\/p>\n<p>Organ transcriptions from the creation of George Enescu, the Parisian environment (Gabriel Faur\u00e9, Maurice Ravel, Claude Debussy) and Dinu Lipatti<\/p>\n<p>&nbsp;<\/p>\n<p>How spectacular can the organ version of a Rhapsody by George Enescu be? With how much subtlety and elegance can the orchestral music of Gabriel Faur\u00e9, who was Enescu&#8217;s mentor during his years of study in Paris, be played through the registers of the same instrument? How much color does the music of Maurice Ravel, who grew up in the same composition class, in the same Parisian academic environment, add to the sound fabric of this Parisian painting?<\/p>\n<p>How much skill is needed to recreate in the sound universe of the organ the original effects of the &#8222;Sunken Cathedral&#8221;, the famous prelude for piano by the great impressionist composer, Claude Debussy? How to imprint in the &#8222;soul&#8221; of the great instrument the candor and delicacy of one of the most wonderful piano nocturnes of the 20th century, the one in F sharp minor, by Dinu Lipatti?<\/p>\n<p>Eduard Antal&#8217;s recital has the gift of dispelling thoughts and perplexities, of providing answers to curiosities.<\/p>\n<p>Wednesday, November 5, 2025 at 7:00 PM, Cultural Palace &#8211; Small Concert Hall ARIA AND ECHO<\/p>\n<p>CRISTINA FIERARU \u2013 soprano<\/p>\n<p>MAXIM BELCIUG \u2013 guitar<\/p>\n<p>The most beautiful arias and songs from the lyrical repertoire, from baroque to romance and Neapolitan cantoneta<\/p>\n<p>Henry Purcell, Claudio Monteverdi, Giulio Caccini, Georg Friedrich H\u00e4ndel, Adrian le Roy, Federico Garcia Lorca, Guilelm \u0218orban, Eduardo di Capua<\/p>\n<p>A program like a temple, which gathers in it some of the most precious fragrances of the lyrical baroque and other eclectic gems from the universe of classical singing, interpreted by soprano Cristina Fieraru, one of the brightest voices on our young stage, accompanied by the guitarist of Delights, Maxim Belciug.<\/p>\n<p>Pages from the creation of composers such as Antonio Caldara, Giovanbatista da Gagliano, Giacomo Carissimi, Giulio Caccini, Giovanni Battista Pergolesi, Henry Purcell or Georg Friedrich H\u00e4ndel intertwine with the sung poems of Federico Garcia Lorca, or with a Neapolitan song, to then calm down in a melancholic walk past the unpaired poplars. An experience that will delight both the ears of fine connoisseurs and the most novice of the audience of other genres.<\/p>\n<p>Thursday, November 6, 2025, 7:00 p.m., Cultural Palace Hall BACH &#8211; MUSICA ANGELORUM<\/p>\n<p>Conductor: CRISTIAN NEAGU<\/p>\n<p>Soloists: RENATA GEBE F\u00dcGI soprano, MELINDA SAMSON soprano, MIHAELA I\u0218PAN mezzo-soprano, NICOLAE SIMONOV tenor, CRISTIAN HODREA bass<\/p>\n<p>Conductor: choir ROBERT DANIEL R\u0102DOIA\u0218 Program:<\/p>\n<p>Johann Sebastian Bach Suite No. 1 for orchestra BWV 1066 Johannes Brahms Song of Songs, op.89<\/p>\n<p>Johann Sebastian Bach Magnificat BWV 243<\/p>\n<p>Magnificat, the most popular of Johann Sebastian Bach&#8217;s vocal works, is the starting point and inspiration for this mid-evening of the festival, an evening dedicated to the memory of one of the most profound, creative and influential composers in the history of universal music, who continues to inspire and conquer audiences and musicians centuries later.<\/p>\n<p>Magnificat, Mary&#8217;s song of joy and gratitude, contained in the Gospel of Luke, leaves its mark on the homage we pay to Johann Sebastian Bach, 275 years after his departure into eternity. Performed alongside a cast trained and accustomed to the rigor and precision of the Baroque repertoire &#8211; Renata Gebe F\u00fcgi soprano, Melinda Samson soprano, Mihaela I\u0219pan mezzo-soprano, Nicolae Simonov tenor, Cristian Hodrea bass, Magnificat is accompanied by Suite No. 1 for orchestra BWV1066, one of the few examples of Bach&#8217;s instrumental music that has survived to this day, but also by a masterpiece with a philosophical content of a universal character, placed at the antipode of: Song of the Fates, of the Goddesses of Destiny, Johannes Brahms&#8217; last choral work.<\/p>\n<p>Tuesday, November 11, 2025, 7:00 PM, Cultural Palace Hall<\/p>\n<p>&#8222;Enescu et La Belle \u00c9poque&#8221; &#8211; Enescu (70), Ravel (150), Debussy Piano Recital &#8211; RALUCA \u0218TIRB\u0102\u021a<\/p>\n<p>Program:<\/p>\n<p>George Enescu<\/p>\n<p>Regrets in G flat major (1898), first audition in Arad Suite op. 10 in D major, \u201cDes cloches sonores\u201d (1903) Claude Debussy<\/p>\n<p>L\u2019isle joyeuse, L. 106 (1904) Maurice Ravel<\/p>\n<p>Sonatine pour Piano, M. 40 (1905)<\/p>\n<p>Scarbo from \u201cGaspard de la nuit\u201d, M. 55 (1908)<\/p>\n<p>\u201cEnescu et La Belle \u00c9poque\u201d is the motto and common thread of the recital dedicated to the 70th commemoration of George Enescu, with a compositional temporal arc that extends between 1898 and 1908. Pianist Raluca \u0218tirb\u0103\u021b proposes an exceptional program that includes, alongside the established masterpiece Suite in D major op. 10, &#8222;Des cloches sonores&#8221;, a youthful Enescu work &#8211; Regrets in G flat major (1898), first performed in Arad<\/p>\n<p>&#8211; but also masterpieces by his contemporary colleagues Claude Debussy (with the flamboyant L&#8217;Isle joyeuse) and Maurice Ravel, with the captivating Sonatina for piano and Scarbo from &#8222;Gaspard de la nuit&#8221;, one of the peaks of the pianistic repertoire.<\/p>\n<p>In the fall of 2023, at the George Enescu International Festival, pianist Raluca \u0218tirb\u0103\u021b was awarded the Order of &#8222;Cultural Merit&#8221; in the rank of Knight, for the worldwide promotion of Romanian cultural values and Enescu&#8217;s creation.<\/p>\n<p>Thursday, November 13, 2025, 7:00 p.m., Cultural Palace Hall ENESCU &#8211; BART\u00d3K, A FRIENDSHIP IN ABSOLUT<\/p>\n<p>Conductor: S\u00c1NDOR GYUDI Soloist: ISTV\u00c1N KOSZT\u00c1NDI<\/p>\n<p>Chorus conductor: ROBERT DANIEL R\u0102DOIA\u0218<\/p>\n<p>Program<\/p>\n<p>George Enescu Romanian Poem op.1<\/p>\n<p>B\u00e9la Bart\u00f3k Two Portraits for Orchestra, op. 5 Sz. 37 B\u00e9la Bart\u00f3k Concerto for Orchestra Sz. 116, BB 123<\/p>\n<p>Event realized in collaboration with the Szeged Symphonic Orchestra<\/p>\n<p>&nbsp;<\/p>\n<p>They materialized their aspirations in the most unsuspected forms of creation, discovered the most refined expressions of authenticity and embraced in scholarly forms the universe of the classics, the modernity of the world in which they lived, but above all, the purity and unparalleled richness of the popular ethos. &#8222;Enescu &#8211; Bart\u00f3k, an absolute friendship&#8221; is a tribute to the great musicians of the 20th century, on the 70th and 80th anniversary of their passing, respectively, a royal event that concludes this year&#8217;s edition of the Arad Musical Autumn International Festival. We invite you this evening to a completely unique musical experience, with works that fascinate through their descriptive power, through the emotions they generate and the depths they reach. The Romanian poem op.1 by George Enescu, the Two portraits for orchestra, op. 5 Sz. 37 and the Concerto for orchestra Sz. 116, BB 123 by B\u00e9la Bart\u00f3k are the highest expressions of this eulogy, which we bring together with the members of the Szeged Symphonic Orchestra, conductor S\u00e1ndor Gyudi and violinist and concertmaster Istv\u00e1n Koszt\u00e1ndi.<\/p>\n<h1>Ioan Slavici Classical Theatre Arad<\/h1>\n<p>Saturday, November 15, 2025, 7:00 PM \u2013 Main Hall<\/p>\n<p>,,The God of Carnage\u201d by Yasmina Reza Director: Em\u0151ke Kedves<\/p>\n<p>Duration: 1h50 min<\/p>\n<p>&nbsp;<\/p>\n<p>&nbsp;<\/p>\n<p>Sunday, November 16, 2025, 7:00 PM \u2013 Studio Hall<\/p>\n<p>,,The Credit\u201d by Jordi Galcer\u00e1n Director: Liana Didilescu<\/p>\n<p>Performance not recommended for young people under 15 Duration: 1h15min<\/p>\n<p>&nbsp;<\/p>\n<p>Thursday, November 20, 2025, 7:00 PM \u2013 Main Hall<\/p>\n<p>,,By the way, did you call the fire department? \u2013 adaptation of \u201cTelegram\u201d by Aldo Nicolaj One man show with Zoltan Lovas<\/p>\n<p>Director: Liana Didilescu Duration: 50 min<\/p>\n<p>&nbsp;<\/p>\n<p>Saturday, November 22, 2025, 7:00 PM \u2013 Main Hall Tartuffe by J.B.P Moli\u00e8re<\/p>\n<p>Translation: Romulus Vulpescu Director: Dan Vasile<\/p>\n<p>Duration: 1h30min<\/p>\n<p>Sunday, November 23, 2025, 7:00 PM \u2013 Studio Hall<\/p>\n<p>,,All About Women\u201d by Miro Gavran, Cast 1 Director: Felix Crainicu<\/p>\n<p>Duration: 1h40 min<\/p>\n<p>&nbsp;<\/p>\n<p>Friday, November 28, 2025, 7:00 PM \u2013 Main Hall<\/p>\n<p>,,Ar\u0103deanca\u201d by Elise Wilk Director: Cristian Ban<\/p>\n<p>Duration: 2h30min (with intermission)<\/p>\n<p>&nbsp;<\/p>\n<p>Saturday, November 29, 2025, 7:00 PM \u2013 Great Hall<\/p>\n<p>\u201cBefore the Flood\u201d or \u201cLet\u2019s Be Healthy\u201d adaptation after the Presnyakov Brothers with the contribution of the actors<\/p>\n<p>Artistic direction and stage adaptation: Alexandru Ian\u0103\u0219i Performance not recommended for young people under 14 Duration: 2h<\/p>\n<div class=\"wpmf-gallerys wpmf-gallerys-life\" ><div id=\"gallery-1\"\n data-gutter-width=\"5\"\n  data-wpmfcolumns=\"3\" class=\"wpmf-gallery gallery-link-file gallery_life gallery-masonry gallery-columns-3 gallery-size-full wpmf-gallery-bottomspace-default wpmf-gallery-clear wpmf-has-border-radius-0 wpmf-gutterwidth-5\"><div class=\"wpmf-gallery-item     wpmf-gallery-item-position-0 wpmf-gallery-item-attachment-2271\" data-index=\"0\"><div class=\"wpmf-gallery-icon\"><a class=\"not_video noLightbox\" data-lightbox=\"1\" data-href=\"https:\/\/dkmt.net\/wp-content\/uploads\/2025\/11\/Kep11.jpg\" title=\"K\u00e9p11\" target=\"_self\" data-index=\"0\"><img class=\"wpmf_img\" alt=\"K\u00e9p11\" src=\"https:\/\/dkmt.net\/wp-content\/uploads\/2025\/11\/Kep11.jpg\" data-type=\"wpmfgalleryimg\" data-lazy-src=\"https:\/\/dkmt.net\/wp-content\/uploads\/2025\/11\/Kep11.jpg\"><\/a><\/div><\/div><div class=\"wpmf-gallery-item     wpmf-gallery-item-position-1 wpmf-gallery-item-attachment-2270\" data-index=\"1\"><div class=\"wpmf-gallery-icon\"><a class=\"not_video noLightbox\" data-lightbox=\"1\" data-href=\"https:\/\/dkmt.net\/wp-content\/uploads\/2025\/11\/Kep10.jpg\" title=\"K\u00e9p10\" target=\"_self\" data-index=\"1\"><img class=\"wpmf_img\" alt=\"K\u00e9p10\" src=\"https:\/\/dkmt.net\/wp-content\/uploads\/2025\/11\/Kep10.jpg\" data-type=\"wpmfgalleryimg\" data-lazy-src=\"https:\/\/dkmt.net\/wp-content\/uploads\/2025\/11\/Kep10.jpg\"><\/a><\/div><\/div><div class=\"wpmf-gallery-item     wpmf-gallery-item-position-2 wpmf-gallery-item-attachment-2269\" data-index=\"2\"><div class=\"wpmf-gallery-icon\"><a class=\"not_video noLightbox\" data-lightbox=\"1\" data-href=\"https:\/\/dkmt.net\/wp-content\/uploads\/2025\/11\/Kep9.jpg\" title=\"K\u00e9p9\" target=\"_self\" data-index=\"2\"><img class=\"wpmf_img\" alt=\"K\u00e9p9\" src=\"https:\/\/dkmt.net\/wp-content\/uploads\/2025\/11\/Kep9.jpg\" data-type=\"wpmfgalleryimg\" data-lazy-src=\"https:\/\/dkmt.net\/wp-content\/uploads\/2025\/11\/Kep9.jpg\"><\/a><\/div><\/div><div class=\"wpmf-gallery-item     wpmf-gallery-item-position-3 wpmf-gallery-item-attachment-2268\" data-index=\"3\"><div class=\"wpmf-gallery-icon\"><a class=\"not_video noLightbox\" data-lightbox=\"1\" data-href=\"https:\/\/dkmt.net\/wp-content\/uploads\/2025\/11\/Kep8.jpg\" title=\"K\u00e9p8\" target=\"_self\" data-index=\"3\"><img class=\"wpmf_img\" alt=\"K\u00e9p8\" src=\"https:\/\/dkmt.net\/wp-content\/uploads\/2025\/11\/Kep8.jpg\" data-type=\"wpmfgalleryimg\" data-lazy-src=\"https:\/\/dkmt.net\/wp-content\/uploads\/2025\/11\/Kep8.jpg\"><\/a><\/div><\/div><div class=\"wpmf-gallery-item     wpmf-gallery-item-position-4 wpmf-gallery-item-attachment-2267\" data-index=\"4\"><div class=\"wpmf-gallery-icon\"><a class=\"not_video noLightbox\" data-lightbox=\"1\" data-href=\"https:\/\/dkmt.net\/wp-content\/uploads\/2025\/11\/Kep7.jpg\" title=\"K\u00e9p7\" target=\"_self\" data-index=\"4\"><img class=\"wpmf_img\" alt=\"K\u00e9p7\" src=\"https:\/\/dkmt.net\/wp-content\/uploads\/2025\/11\/Kep7.jpg\" data-type=\"wpmfgalleryimg\" data-lazy-src=\"https:\/\/dkmt.net\/wp-content\/uploads\/2025\/11\/Kep7.jpg\"><\/a><\/div><\/div><div class=\"wpmf-gallery-item     wpmf-gallery-item-position-5 wpmf-gallery-item-attachment-2266\" data-index=\"5\"><div class=\"wpmf-gallery-icon\"><a class=\"not_video noLightbox\" data-lightbox=\"1\" data-href=\"https:\/\/dkmt.net\/wp-content\/uploads\/2025\/11\/Kep6.jpg\" title=\"K\u00e9p6\" target=\"_self\" data-index=\"5\"><img class=\"wpmf_img\" alt=\"K\u00e9p6\" src=\"https:\/\/dkmt.net\/wp-content\/uploads\/2025\/11\/Kep6.jpg\" data-type=\"wpmfgalleryimg\" data-lazy-src=\"https:\/\/dkmt.net\/wp-content\/uploads\/2025\/11\/Kep6.jpg\"><\/a><\/div><\/div><div class=\"wpmf-gallery-item     wpmf-gallery-item-position-6 wpmf-gallery-item-attachment-2265\" data-index=\"6\"><div class=\"wpmf-gallery-icon\"><a class=\"not_video noLightbox\" data-lightbox=\"1\" data-href=\"https:\/\/dkmt.net\/wp-content\/uploads\/2025\/11\/Kep5.jpg\" title=\"K\u00e9p5\" target=\"_self\" data-index=\"6\"><img class=\"wpmf_img\" alt=\"K\u00e9p5\" src=\"https:\/\/dkmt.net\/wp-content\/uploads\/2025\/11\/Kep5.jpg\" data-type=\"wpmfgalleryimg\" data-lazy-src=\"https:\/\/dkmt.net\/wp-content\/uploads\/2025\/11\/Kep5.jpg\"><\/a><\/div><\/div><div class=\"wpmf-gallery-item     wpmf-gallery-item-position-7 wpmf-gallery-item-attachment-2264\" data-index=\"7\"><div class=\"wpmf-gallery-icon\"><a class=\"not_video noLightbox\" data-lightbox=\"1\" data-href=\"https:\/\/dkmt.net\/wp-content\/uploads\/2025\/11\/Kep4.jpg\" title=\"K\u00e9p4\" target=\"_self\" data-index=\"7\"><img class=\"wpmf_img\" alt=\"K\u00e9p4\" src=\"https:\/\/dkmt.net\/wp-content\/uploads\/2025\/11\/Kep4.jpg\" data-type=\"wpmfgalleryimg\" data-lazy-src=\"https:\/\/dkmt.net\/wp-content\/uploads\/2025\/11\/Kep4.jpg\"><\/a><\/div><\/div><div class=\"wpmf-gallery-item     wpmf-gallery-item-position-8 wpmf-gallery-item-attachment-2263\" data-index=\"8\"><div class=\"wpmf-gallery-icon\"><a class=\"not_video noLightbox\" data-lightbox=\"1\" data-href=\"https:\/\/dkmt.net\/wp-content\/uploads\/2025\/11\/Kep3.jpg\" title=\"K\u00e9p3\" target=\"_self\" data-index=\"8\"><img class=\"wpmf_img\" alt=\"K\u00e9p3\" src=\"https:\/\/dkmt.net\/wp-content\/uploads\/2025\/11\/Kep3.jpg\" data-type=\"wpmfgalleryimg\" data-lazy-src=\"https:\/\/dkmt.net\/wp-content\/uploads\/2025\/11\/Kep3.jpg\"><\/a><\/div><\/div><div class=\"wpmf-gallery-item     wpmf-gallery-item-position-9 wpmf-gallery-item-attachment-2262\" data-index=\"9\"><div class=\"wpmf-gallery-icon\"><a class=\"not_video noLightbox\" data-lightbox=\"1\" data-href=\"https:\/\/dkmt.net\/wp-content\/uploads\/2025\/11\/Kep2.jpg\" title=\"K\u00e9p2\" target=\"_self\" data-index=\"9\"><img class=\"wpmf_img\" alt=\"K\u00e9p2\" src=\"https:\/\/dkmt.net\/wp-content\/uploads\/2025\/11\/Kep2.jpg\" data-type=\"wpmfgalleryimg\" data-lazy-src=\"https:\/\/dkmt.net\/wp-content\/uploads\/2025\/11\/Kep2.jpg\"><\/a><\/div><\/div><div class=\"wpmf-gallery-item     wpmf-gallery-item-position-10 wpmf-gallery-item-attachment-2261\" data-index=\"10\"><div class=\"wpmf-gallery-icon\"><a class=\"not_video noLightbox\" data-lightbox=\"1\" data-href=\"https:\/\/dkmt.net\/wp-content\/uploads\/2025\/11\/Kep1.jpg\" title=\"K\u00e9p1\" target=\"_self\" data-index=\"10\"><img class=\"wpmf_img\" alt=\"K\u00e9p1\" src=\"https:\/\/dkmt.net\/wp-content\/uploads\/2025\/11\/Kep1.jpg\" data-type=\"wpmfgalleryimg\" data-lazy-src=\"https:\/\/dkmt.net\/wp-content\/uploads\/2025\/11\/Kep1.jpg\"><\/a><\/div><\/div><\/div><\/div>","protected":false},"excerpt":{"rendered":"<p>Arad Museum Complex Permanent exhibitions (all permanent exhibitions are open in the Arad Cultural Palace &#8211; George Enescu Square, no. 1): Museum of Natural Sciences (Arad Cultural Palace, entrance from the Children&#8217;s Park) Archaeology (Arad Cultural Palace, entrance from Dragalina Boulevard) Art Gallery, exhibition Treasure 1848-1849, exhibition Arad &#8211; December 1989 (Arad Cultural Palace, 2nd [&hellip;]<\/p>","protected":false},"author":3,"featured_media":2059,"comment_status":"closed","ping_status":"closed","template":"","meta":{"inline_featured_image":false,"_links_to":"","_links_to_target":""},"tags":[],"mec_category":[39,70],"_links":{"self":[{"href":"https:\/\/dkmt.net\/sr\/wp-json\/wp\/v2\/mec-events\/2259"}],"collection":[{"href":"https:\/\/dkmt.net\/sr\/wp-json\/wp\/v2\/mec-events"}],"about":[{"href":"https:\/\/dkmt.net\/sr\/wp-json\/wp\/v2\/types\/mec-events"}],"author":[{"embeddable":true,"href":"https:\/\/dkmt.net\/sr\/wp-json\/wp\/v2\/users\/3"}],"replies":[{"embeddable":true,"href":"https:\/\/dkmt.net\/sr\/wp-json\/wp\/v2\/comments?post=2259"}],"wp:featuredmedia":[{"embeddable":true,"href":"https:\/\/dkmt.net\/sr\/wp-json\/wp\/v2\/media\/2059"}],"wp:attachment":[{"href":"https:\/\/dkmt.net\/sr\/wp-json\/wp\/v2\/media?parent=2259"}],"wp:term":[{"taxonomy":"post_tag","embeddable":true,"href":"https:\/\/dkmt.net\/sr\/wp-json\/wp\/v2\/tags?post=2259"},{"taxonomy":"mec_category","embeddable":true,"href":"https:\/\/dkmt.net\/sr\/wp-json\/wp\/v2\/mec_category?post=2259"}],"curies":[{"name":"wp","href":"https:\/\/api.w.org\/{rel}","templated":true}]}}