{"id":2234,"date":"2025-10-07T14:47:52","date_gmt":"2025-10-07T12:47:52","guid":{"rendered":"https:\/\/dkmt.net\/?post_type=mec-events&#038;p=2234"},"modified":"2025-10-07T14:48:44","modified_gmt":"2025-10-07T12:48:44","slug":"cultural-events-from-arad-in-october-2025","status":"publish","type":"mec-events","link":"https:\/\/dkmt.net\/ro\/esemeny\/cultural-events-from-arad-in-october-2025\/","title":{"rendered":"Cultural events from Arad in October 2025"},"content":{"rendered":"<p>ARAD COUNTY CULTURAL CENTRE<\/p>\n<ul>\n<li>Commemoration of the 13 martyred generals of Arad, 1-6 October<\/li>\n<li>Autumn Festival, Arad, 10-12 October<\/li>\n<li>Hungarian Folklore Festival in Zerind, 11 October<\/li>\n<li>Hungarian Diaspora Day, Arad, 15 October<\/li>\n<li>Foto Pro Arad International Photographic Art Salon, Arad, 15 October<\/li>\n<li>International Francophone Young Theater Festival &#8222;Amifran&#8221;, Arad, 24-30 October<\/li>\n<li>Ars Fotografica 2025 International Salon, 25th edition, Arad, 30 October ARAD MUSEUM COMPLEX<\/li>\n<\/ul>\n<ol>\n<li>Permanent exhibitions (all permanent exhibitions are open in the Arad Cultural Palace):\n<ul>\n<li>Museum of Natural Sciences (Arad Cultural Palace, entrance from the Children&#8217;s Park)<\/li>\n<li>Archaeology (Arad Cultural Palace, entrance from Dragalina Boulevard)<\/li>\n<li>Art Gallery, the 1848-1849 Treasure exhibition, the Arad &#8211; December 1989 Revolution exhibition (Arad Cultural Palace, 2nd floor, entrance from the Children&#8217;s Park)<\/li>\n<\/ul>\n<\/li>\n<\/ol>\n<p>The Art Museum is closed for building rehabilitation works.<\/p>\n<ol start=\"2\">\n<li>Temporary exhibitions open in the Arad Cultural Palace\n<ul>\n<li>Exhibition &#8222;Medicinal Plants from the Museum&#8217;s Collections&#8221; (Museum of Natural Sciences &#8211; Arad Cultural Palace, entrance from the Children&#8217;s Park)<\/li>\n<li>Exhibition &#8222;History and Theology of Arad. In Memoriam Pr. Dr. Pavel Vesa (1955-2013)&#8221; (temporary exhibition hall &#8211; Arad Cultural Palace, entrance from the Children&#8217;s Park), during October 2-26<\/li>\n<\/ul>\n<\/li>\n<\/ol>\n<p>Visiting hours of the permanent and temporary exhibitions:<\/p>\n<p>Tuesday-Sunday: 09.00-17.00 (last entry: 16.30) ARAD PHILHARMONIC<\/p>\n<p>Thursday, October 2nd, 2025, 7:00 p.m., Cultural Palace Hall &#8211; Opening of the 2025-2026 season- CARL ORFF: CARMINA BURANA, Conductor: Neil Thomson, Mariana Bulicanu soprano, \u0218tefan von Korch tenor, Ludovic Kendi baritone, Choir conductor: Robert Daniel R\u0103doia\u0219; Children&#8217;s Choir of the Sabin Dr\u0103goi College of Arts- Conductor: Corina Teuca<\/p>\n<p>&nbsp;<\/p>\n<p>Friday, October 3rd, 2025, 7:00 p.m., Cultural Palace Hall &#8211; Opening of the 2025-2026 season- CARL ORFF: CARMINA BURANA, Conductor: Neil Thomson, Mariana Bulicanu soprano, \u0218tefan von Korch tenor, Ludovic Kendi baritone, Choir conductor: Robert Daniel R\u0103doia\u0219; Children&#8217;s Choir of the Sabin Dr\u0103goi College of Arts- Conductor: Corina Teuca<\/p>\n<p>&nbsp;<\/p>\n<p>Thursday, October 9, 2025 7:00 p.m., Cultural Palace Hall &#8211; Romanticism on Slavic Strings Conductor: Horv\u00e1th J\u00f3zsef, Soloist: Remus Azoi\u021bei; Program: Pyotr Ilyich Tchaikovsky Concerto in D major for violin and orchestra op.35; Vasily Kalinnikov Symphony No. 1;<\/p>\n<p>&nbsp;<\/p>\n<p>Thursday, October 16, 2025 7:00 p.m., Cultural Palace Hall &#8211; Dance, song, poem\u2026 Conductor: Chih Yuan Michael Chang (Taiwan), Choir conductor: Robert Daniel R\u0103doia\u0219; Program: Zolt\u00e1n<\/p>\n<p>&nbsp;<\/p>\n<p>Kod\u00e1ly Dances from Gal\u00e1nta; Claude Debussy Nocturne, symphonic triptych with women&#8217;s choir; Johannes Brahms Song of Destiny, op. 54; Franz Liszt Symphonic poem preludes, S.97;<\/p>\n<p>&nbsp;<\/p>\n<p>Thursday, October 23, 2025, 7:00 p.m., Cultural Palace Hall &#8211; Under the sign of the Moldavian Orpheus, Conductor: Cristian Neagu, Soloist: Daniel Goi\u021bi, Program: Maurice Ravel Ma m\u00e8re l\u2019Oye; George Enescu Suite I for orchestra, op.9; Ludwig van Beethoven Concerto no. 3 in C minor for piano and orchestra, op.37;<\/p>\n<p>&nbsp;<\/p>\n<p>Monday, October 27, 2025, 7:00 p.m., Cultural Palace Hall &#8211; Through bygone eras\u2026 &#8211; Chamber recital &#8211; Valentin \u0218erban \u2013 violin, Mihai Diaconescu \u2013 piano, Program: Tomaso Antonio Vitali Chaconne in G minor Ludwig van Beethoven Sonata for piano and violin in D major, op. 12 no. 1 Anton\u00edn Dvo\u0159\u00e1k Romance in F minor, op. 11 Sergei Prokofiev Sonata for violin and piano no. 2 in D major, op. 94a Henryk Wieniawski Scherzo \u2013 Tarantella in G minor, op. 16<\/p>\n<p>&nbsp;<\/p>\n<p>Thursday, October 30, 2025, 7:00 p.m., Cultural Palace Hall &#8211; Arad Musical Autumn International Festival &#8211; A Spanish Journey, Conductor: Vicente Chuli\u00e0, Soloist: Josu de Solaun Salvador Chuli\u00e0 Naskigo symphonic poem Vicente Chuli\u00e0 La Reconquista symphonic poem Joaqu\u00edn Turina Sevillan Symphony Lorenzo Palomo Nocturnos de Andaluc\u00eda for piano and orchestra<\/p>\n<p>&nbsp;<\/p>\n<p>Tickets for these events can be purchased at the Arad Philharmonic box office and online, on the page <a href=\"https:\/\/www.bilete.ro\/cauta\/?q=Filarmonica%2Barad\/\">https:\/\/www.bilete.ro\/cauta\/?q=Filarmonica+arad\/<\/a> .<\/p>\n<div class=\"wpmf-gallerys wpmf-gallerys-life\" ><div id=\"gallery-1\"\n data-gutter-width=\"5\"\n  data-wpmfcolumns=\"3\" class=\"wpmf-gallery gallery-link-file gallery_life gallery-masonry gallery-columns-3 gallery-size-full wpmf-gallery-bottomspace-default wpmf-gallery-clear wpmf-has-border-radius-0 wpmf-gutterwidth-5\"><div class=\"wpmf-gallery-item     wpmf-gallery-item-position-0 wpmf-gallery-item-attachment-2254\" data-index=\"0\"><div class=\"wpmf-gallery-icon\"><a class=\"not_video noLightbox\" data-lightbox=\"1\" data-href=\"https:\/\/dkmt.net\/wp-content\/uploads\/2025\/10\/Cultural-events-from-Arad-in-October-2025._Page_12.jpg\" title=\"Cultural Events From Arad In October 2025._Page_12\" target=\"_self\" data-index=\"0\"><img class=\"wpmf_img\" alt=\"Cultural Events From Arad In October 2025._Page_12\" src=\"https:\/\/dkmt.net\/wp-content\/uploads\/2025\/10\/Cultural-events-from-Arad-in-October-2025._Page_12.jpg\" data-type=\"wpmfgalleryimg\" data-lazy-src=\"https:\/\/dkmt.net\/wp-content\/uploads\/2025\/10\/Cultural-events-from-Arad-in-October-2025._Page_12.jpg\"><\/a><\/div><\/div><div class=\"wpmf-gallery-item     wpmf-gallery-item-position-1 wpmf-gallery-item-attachment-2253\" data-index=\"1\"><div class=\"wpmf-gallery-icon\"><a class=\"not_video noLightbox\" data-lightbox=\"1\" data-href=\"https:\/\/dkmt.net\/wp-content\/uploads\/2025\/10\/Cultural-events-from-Arad-in-October-2025._Page_11.jpg\" title=\"Cultural Events From Arad In October 2025._Page_11\" target=\"_self\" data-index=\"1\"><img class=\"wpmf_img\" alt=\"Cultural Events From Arad In October 2025._Page_11\" src=\"https:\/\/dkmt.net\/wp-content\/uploads\/2025\/10\/Cultural-events-from-Arad-in-October-2025._Page_11.jpg\" data-type=\"wpmfgalleryimg\" data-lazy-src=\"https:\/\/dkmt.net\/wp-content\/uploads\/2025\/10\/Cultural-events-from-Arad-in-October-2025._Page_11.jpg\"><\/a><\/div><\/div><div class=\"wpmf-gallery-item     wpmf-gallery-item-position-2 wpmf-gallery-item-attachment-2252\" data-index=\"2\"><div class=\"wpmf-gallery-icon\"><a class=\"not_video noLightbox\" data-lightbox=\"1\" data-href=\"https:\/\/dkmt.net\/wp-content\/uploads\/2025\/10\/Cultural-events-from-Arad-in-October-2025._Page_10.jpg\" title=\"Cultural Events From Arad In October 2025._Page_10\" target=\"_self\" data-index=\"2\"><img class=\"wpmf_img\" alt=\"Cultural Events From Arad In October 2025._Page_10\" src=\"https:\/\/dkmt.net\/wp-content\/uploads\/2025\/10\/Cultural-events-from-Arad-in-October-2025._Page_10.jpg\" data-type=\"wpmfgalleryimg\" data-lazy-src=\"https:\/\/dkmt.net\/wp-content\/uploads\/2025\/10\/Cultural-events-from-Arad-in-October-2025._Page_10.jpg\"><\/a><\/div><\/div><div class=\"wpmf-gallery-item     wpmf-gallery-item-position-3 wpmf-gallery-item-attachment-2251\" data-index=\"3\"><div class=\"wpmf-gallery-icon\"><a class=\"not_video noLightbox\" data-lightbox=\"1\" data-href=\"https:\/\/dkmt.net\/wp-content\/uploads\/2025\/10\/Cultural-events-from-Arad-in-October-2025._Page_09.jpg\" title=\"Cultural Events From Arad In October 2025._Page_09\" target=\"_self\" data-index=\"3\"><img class=\"wpmf_img\" alt=\"Cultural Events From Arad In October 2025._Page_09\" src=\"https:\/\/dkmt.net\/wp-content\/uploads\/2025\/10\/Cultural-events-from-Arad-in-October-2025._Page_09.jpg\" data-type=\"wpmfgalleryimg\" data-lazy-src=\"https:\/\/dkmt.net\/wp-content\/uploads\/2025\/10\/Cultural-events-from-Arad-in-October-2025._Page_09.jpg\"><\/a><\/div><\/div><div class=\"wpmf-gallery-item     wpmf-gallery-item-position-4 wpmf-gallery-item-attachment-2250\" data-index=\"4\"><div class=\"wpmf-gallery-icon\"><a class=\"not_video noLightbox\" data-lightbox=\"1\" data-href=\"https:\/\/dkmt.net\/wp-content\/uploads\/2025\/10\/Cultural-events-from-Arad-in-October-2025._Page_08.jpg\" title=\"Cultural Events From Arad In October 2025._Page_08\" target=\"_self\" data-index=\"4\"><img class=\"wpmf_img\" alt=\"Cultural Events From Arad In October 2025._Page_08\" src=\"https:\/\/dkmt.net\/wp-content\/uploads\/2025\/10\/Cultural-events-from-Arad-in-October-2025._Page_08.jpg\" data-type=\"wpmfgalleryimg\" data-lazy-src=\"https:\/\/dkmt.net\/wp-content\/uploads\/2025\/10\/Cultural-events-from-Arad-in-October-2025._Page_08.jpg\"><\/a><\/div><\/div><div class=\"wpmf-gallery-item     wpmf-gallery-item-position-5 wpmf-gallery-item-attachment-2249\" data-index=\"5\"><div class=\"wpmf-gallery-icon\"><a class=\"not_video noLightbox\" data-lightbox=\"1\" data-href=\"https:\/\/dkmt.net\/wp-content\/uploads\/2025\/10\/Cultural-events-from-Arad-in-October-2025._Page_07.jpg\" title=\"Cultural Events From Arad In October 2025._Page_07\" target=\"_self\" data-index=\"5\"><img class=\"wpmf_img\" alt=\"Cultural Events From Arad In October 2025._Page_07\" src=\"https:\/\/dkmt.net\/wp-content\/uploads\/2025\/10\/Cultural-events-from-Arad-in-October-2025._Page_07.jpg\" data-type=\"wpmfgalleryimg\" data-lazy-src=\"https:\/\/dkmt.net\/wp-content\/uploads\/2025\/10\/Cultural-events-from-Arad-in-October-2025._Page_07.jpg\"><\/a><\/div><\/div><div class=\"wpmf-gallery-item     wpmf-gallery-item-position-6 wpmf-gallery-item-attachment-2248\" data-index=\"6\"><div class=\"wpmf-gallery-icon\"><a class=\"not_video noLightbox\" data-lightbox=\"1\" data-href=\"https:\/\/dkmt.net\/wp-content\/uploads\/2025\/10\/Cultural-events-from-Arad-in-October-2025._Page_06.jpg\" title=\"Cultural Events From Arad In October 2025._Page_06\" target=\"_self\" data-index=\"6\"><img class=\"wpmf_img\" alt=\"Cultural Events From Arad In October 2025._Page_06\" src=\"https:\/\/dkmt.net\/wp-content\/uploads\/2025\/10\/Cultural-events-from-Arad-in-October-2025._Page_06.jpg\" data-type=\"wpmfgalleryimg\" data-lazy-src=\"https:\/\/dkmt.net\/wp-content\/uploads\/2025\/10\/Cultural-events-from-Arad-in-October-2025._Page_06.jpg\"><\/a><\/div><\/div><div class=\"wpmf-gallery-item     wpmf-gallery-item-position-7 wpmf-gallery-item-attachment-2247\" data-index=\"7\"><div class=\"wpmf-gallery-icon\"><a class=\"not_video noLightbox\" data-lightbox=\"1\" data-href=\"https:\/\/dkmt.net\/wp-content\/uploads\/2025\/10\/Cultural-events-from-Arad-in-October-2025._Page_05.jpg\" title=\"Cultural Events From Arad In October 2025._Page_05\" target=\"_self\" data-index=\"7\"><img class=\"wpmf_img\" alt=\"Cultural Events From Arad In October 2025._Page_05\" src=\"https:\/\/dkmt.net\/wp-content\/uploads\/2025\/10\/Cultural-events-from-Arad-in-October-2025._Page_05.jpg\" data-type=\"wpmfgalleryimg\" data-lazy-src=\"https:\/\/dkmt.net\/wp-content\/uploads\/2025\/10\/Cultural-events-from-Arad-in-October-2025._Page_05.jpg\"><\/a><\/div><\/div><div class=\"wpmf-gallery-item     wpmf-gallery-item-position-8 wpmf-gallery-item-attachment-2246\" data-index=\"8\"><div class=\"wpmf-gallery-icon\"><a class=\"not_video noLightbox\" data-lightbox=\"1\" data-href=\"https:\/\/dkmt.net\/wp-content\/uploads\/2025\/10\/Cultural-events-from-Arad-in-October-2025._Page_04.jpg\" title=\"Cultural Events From Arad In October 2025._Page_04\" target=\"_self\" data-index=\"8\"><img class=\"wpmf_img\" alt=\"Cultural Events From Arad In October 2025._Page_04\" src=\"https:\/\/dkmt.net\/wp-content\/uploads\/2025\/10\/Cultural-events-from-Arad-in-October-2025._Page_04.jpg\" data-type=\"wpmfgalleryimg\" data-lazy-src=\"https:\/\/dkmt.net\/wp-content\/uploads\/2025\/10\/Cultural-events-from-Arad-in-October-2025._Page_04.jpg\"><\/a><\/div><\/div><div class=\"wpmf-gallery-item     wpmf-gallery-item-position-9 wpmf-gallery-item-attachment-2245\" data-index=\"9\"><div class=\"wpmf-gallery-icon\"><a class=\"not_video noLightbox\" data-lightbox=\"1\" data-href=\"https:\/\/dkmt.net\/wp-content\/uploads\/2025\/10\/Cultural-events-from-Arad-in-October-2025._Page_03.jpg\" title=\"Cultural Events From Arad In October 2025._Page_03\" target=\"_self\" data-index=\"9\"><img class=\"wpmf_img\" alt=\"Cultural Events From Arad In October 2025._Page_03\" src=\"https:\/\/dkmt.net\/wp-content\/uploads\/2025\/10\/Cultural-events-from-Arad-in-October-2025._Page_03.jpg\" data-type=\"wpmfgalleryimg\" data-lazy-src=\"https:\/\/dkmt.net\/wp-content\/uploads\/2025\/10\/Cultural-events-from-Arad-in-October-2025._Page_03.jpg\"><\/a><\/div><\/div><\/div><\/div>","protected":false},"excerpt":{"rendered":"<p>ARAD COUNTY CULTURAL CENTRE Commemoration of the 13 martyred generals of Arad, 1-6 October Autumn Festival, Arad, 10-12 October Hungarian Folklore Festival in Zerind, 11 October Hungarian Diaspora Day, Arad, 15 October Foto Pro Arad International Photographic Art Salon, Arad, 15 October International Francophone Young Theater Festival &#8222;Amifran&#8221;, Arad, 24-30 October Ars Fotografica 2025 International [&hellip;]<\/p>","protected":false},"author":3,"featured_media":2059,"comment_status":"closed","ping_status":"closed","template":"","meta":{"inline_featured_image":false,"_links_to":"","_links_to_target":""},"tags":[],"mec_category":[39],"_links":{"self":[{"href":"https:\/\/dkmt.net\/ro\/wp-json\/wp\/v2\/mec-events\/2234"}],"collection":[{"href":"https:\/\/dkmt.net\/ro\/wp-json\/wp\/v2\/mec-events"}],"about":[{"href":"https:\/\/dkmt.net\/ro\/wp-json\/wp\/v2\/types\/mec-events"}],"author":[{"embeddable":true,"href":"https:\/\/dkmt.net\/ro\/wp-json\/wp\/v2\/users\/3"}],"replies":[{"embeddable":true,"href":"https:\/\/dkmt.net\/ro\/wp-json\/wp\/v2\/comments?post=2234"}],"wp:featuredmedia":[{"embeddable":true,"href":"https:\/\/dkmt.net\/ro\/wp-json\/wp\/v2\/media\/2059"}],"wp:attachment":[{"href":"https:\/\/dkmt.net\/ro\/wp-json\/wp\/v2\/media?parent=2234"}],"wp:term":[{"taxonomy":"post_tag","embeddable":true,"href":"https:\/\/dkmt.net\/ro\/wp-json\/wp\/v2\/tags?post=2234"},{"taxonomy":"mec_category","embeddable":true,"href":"https:\/\/dkmt.net\/ro\/wp-json\/wp\/v2\/mec_category?post=2234"}],"curies":[{"name":"wp","href":"https:\/\/api.w.org\/{rel}","templated":true}]}}