{"id":2313,"date":"2025-12-06T09:43:25","date_gmt":"2025-12-06T08:43:25","guid":{"rendered":"https:\/\/dkmt.net\/?post_type=mec-events&#038;p=2313"},"modified":"2025-12-06T09:43:25","modified_gmt":"2025-12-06T08:43:25","slug":"cultural-events-in-arad-december-2025","status":"publish","type":"mec-events","link":"https:\/\/dkmt.net\/en\/esemeny\/cultural-events-in-arad-december-2025\/","title":{"rendered":"Cultural events in Arad December 2025"},"content":{"rendered":"<p><strong>Arad Museum Complex<\/strong><\/p>\n<ol>\n<li>Permanent exhibitions (all permanent exhibitions are open in the Arad Cultural Palace &#8211; George Enescu Square 1):<\/li>\n<\/ol>\n<p>&#8211; the Museum of Natural Sciences (Arad Cultural Palace, entrance from the Children&#8217;s Park)<\/p>\n<p>&#8211; Archaeology (Arad Cultural Palace, entrance from Dragalina Boulevard)<\/p>\n<p>&#8211; Art Gallery, Treasure 1848-1849 exhibition, Arad &#8211; December 1989 exhibition (Arad Cultural Palace, 2nd floor, entrance from the Children&#8217;s Park)<\/p>\n<ol start=\"2\">\n<li>Temporary exhibitions open in the Arad Cultural Palace (George Enescu Square, no. 1)<\/li>\n<\/ol>\n<p>2.1. &#8222;Ornaments with a Story&#8221; exhibition (Museum of Natural Sciences &#8211; Arad Cultural Palace, entrance from the Children&#8217;s Park)<\/p>\n<p>Exhibition opening: Friday, December 5, 2025<\/p>\n<p>2.2. Exhibition and charity event &#8222;Fairy-tale Christmas trees at the Museum&#8221; (Museum of Natural Sciences &#8211; Arad Cultural Palace, entrance from the Children&#8217;s Park) &#8211; until December 16<\/p>\n<p>Organizers: Arad Museum Complex and the General Directorate of Social Assistance and Child Protection Arad<\/p>\n<p>Partners: &#8222;IL CLASSICO&#8221; Restaurant Arad, &#8222;AZUL Club &amp; Lounge&#8221; Restaurant Arad, HairConcept.ro Arad, Alex Cofee Arad, QuintessenceK9 Arad, Ministry of Justice. National Penitentiary Administration &#8211; Arad Penitentiary, &#8222;Pr\u0103jiturim cu Doamna Mariana&#8221; Curtici Artisanal Confectionery Laboratory, Europe Direct Center Arad, &#8222;Ofensiva Tinerilor&#8221; Association Arad, &#8222;Bella Giornata&#8221; Gelateria Arad, &#8222;BON PAPA&#8221; Restaurant, Arad National High School of Informatics, &#8222;Business Class Transfer&#8221; Arad, &#8222;Alexandru D. Xenopol&#8221; County Library Arad, &#8222;Focus Founders AI&#8221;.<\/p>\n<p>Exhibition opening: Friday, December 5, 2025<\/p>\n<p>Event for the Arad public and partners involved in the &#8222;Fairy-tale Trees at the Museum&#8221; charity project: Tuesday, December 16, 2025, 5:00 PM.<\/p>\n<p>VISITING PROGRAM OF PERMANENT AND TEMPORARY EXHIBITIONS<\/p>\n<p>Tuesday-Sunday: 9:00 AM-5:00 PM (last entry: 4:30 PM)<\/p>\n<p><strong>Arad Philharmonic<\/strong><\/p>\n<p>&#8211; Thursday, December 11, 2025 at 7:00 P.M., Cultural Palace Hall<\/p>\n<p>CHRISTMAS AT THE PHILHARMONIC<\/p>\n<p>Conductor: Cristian Neagu<\/p>\n<p>Chorus Conductor: Robert Daniel R\u0103doia\u0219<\/p>\n<p>The Christmas holiday, reflected in the music of the most famous scores of Italian pre-classicism, Concerto grosso op.6 no. 8, &#8222;Per la Notte di Natale&#8221; by Arcangelo Corelli, in the romantic story of the ballet &#8222;The Nutcracker&#8221; by Pyotr Ilyich Tchaikovsky, in the soundtracks of our favorite films, &#8222;Home Alone&#8221;, &#8222;The Polar Express&#8221;, &#8222;How the Grinch Stole Christmas&#8221;, or in the simple songs, which give us through their optimism, the state of well-being and beauty of this time of miracle and love, is the reason for the meeting on Thursday evening, December 11, 2025, with the great family of the Philharmonic.<\/p>\n<p>&#8211; Thursday \u2013 Friday, December 18 &#8211; 19, 2025, at 7:00 P.M., Cultural Palace Hall<\/p>\n<p>Christians, Christmas has arrived!<\/p>\n<p>Conductor: Lauren\u021biu Muntean<\/p>\n<p>Arad Philharmonic Orchestra &amp; Q Band<\/p>\n<p>Soloists: Claudia Iuga \/ George Dancu<\/p>\n<p>Orchestrator Oni\u0219or Rodil\u0103<\/p>\n<p>Guest soloists: Geanina Giblak, Drago\u0219 Moldovan, M\u0103d\u0103lina Boronean\u021b, Zoltan Lovas, Alexandra Dr\u0103gan, Ioan Mo\u021biu<\/p>\n<p>\u201cProcord\u201d Choral Group &#8211; conductor Fr. Lect. Univ. Dr. Tiberiu Ardelean<\/p>\n<p>The magic of the holidays returns to the Arad Philharmonic stage! Q Band and the Arad Philharmonic, together with special guests, are preparing a show full of emotion and energy: Christians, Christmas has arrived. The most beloved Christmas carols and melodies \u2013 Romanian and international \u2013 re-orchestrated by Oni\u0219or Rodil\u0103 and conducted by conductor Lauren\u021biu Muntean.<\/p>\n<p>&#8211; Monday, December 22, 2025 at 7:00 P.M., Cultural Palace Hall<\/p>\n<p>Carol concert<\/p>\n<p>Academic Choir<\/p>\n<p>Conductor Robert Daniel R\u0103doia\u0219<\/p>\n<p>Romanian carols and Christmas songs from the universal repertoire. As we all prepare for the celebration of the Nativity of the Lord, no other joy surpasses that of our carol evening, on December 22, the evening of the academic choir and Christmas songs. A time of waiting, of singing together, of the miracle that encompasses the world.<\/p>\n<p>Come, let&#8217;s give the Wonderful News together!<\/p>\n<p>Tickets for these events can be purchased at the Arad Philharmonic box office and online, on the page https:\/\/www.bilete.ro\/cauta\/?q=Filarmonica+arad\/<\/p>\n<p><strong>The Classic Theatre &#8222;Ioan Slavici&#8221; Arad<\/strong><\/p>\n<p>&#8211; Thursday, December 4, 2025, 7:00 PM \u2013 Studio Hall<\/p>\n<p>Love for People by Dmitri Bogoslavski<\/p>\n<p>Director: Vlad Massaci<\/p>\n<p>Show not recommended for young people under 16<\/p>\n<p>Duration: 2 hours (without intermission)<\/p>\n<p>&#8211; CHRISTMAS GALA \u2013 Under the Stars brings to Arad actors like Maia Morgenstern, Marius Bodochi, Diana Ionescu and Cezar Ionescu, accompanied by the Liber Artis Ia\u0219i Symphony Orchestra, under the baton of Roxana Zaharia, and the ballet of the Romanian National Opera in Ia\u0219i.<\/p>\n<p>Under the magical charm of the winter holidays, on Friday, December 5, from 7:00 P.M., an exceptional show will take place at the \u201cIoan Slavici\u201d Classical Theater in Arad, in which deep emotion, elegance of performance and the joy of the holidays merge into an unforgettable evening. Every moment of the evening will be a unique artistic experience, meant to delight the senses and warm the souls of the audience.<\/p>\n<p>Renowned artists will shine on stage:<\/p>\n<p>\u2013 Maia Morgenstern \u2013 the unmistakable voice of Romanian theater, who brings authenticity, depth and unparalleled scenic charm through her presence.<\/p>\n<p>\u2013 Marius Bodochi \u2013 refinement and artistic nobility, with an interpretation full of subtlety and elegance, which will transform each scene into a memorable moment.<\/p>\n<p>Tickets: https:\/\/ticketstore.ro\/ro\/bilete\/9956\/christmas-gala-sub-lumina-stelelor-arad<\/p>\n<p>&#8211; Sunday, December 7, 2025, 7:00 PM \u2013 Studio Hall<\/p>\n<p>The T\u00f3t Family by Istv\u00e1n \u00d6rk\u00e9ny<\/p>\n<p>Director: S\u00e2nziana Stoican<\/p>\n<p>The show is presented with the agreement of the ,,Proscenium Szer\u0151i \u00dcgyn\u00f6ks\u00e9g\u201d Agency<\/p>\n<p>Duration: 1h 40min<\/p>\n<p>&#8211; Thursday, December 11, 2025, 7:00 PM \u2013 Main Hall<\/p>\n<p>The Tip of the Iceberg by Antonio Tabares<\/p>\n<p>Show with the audience on stage<\/p>\n<p>Director: Theodor Cristian Popescu<\/p>\n<p>Duration: 1h 30min<\/p>\n<p>&#8211; Saturday, December 13, 2025, 7:00 PM \u2013 Main Hall<\/p>\n<p>,,God of Carnage\u201d by Yasmina Reza<\/p>\n<p>Director: Em\u0151ke Kedves<\/p>\n<p>Duration: 1h 50 min<\/p>\n<p>&#8211; Sunday, December 14, 2025, 7:00 PM \u2013 Main Hall<\/p>\n<p>Anniversary by Harold Pinter<\/p>\n<p>Director: Radu Iacoban<\/p>\n<p>Duration: 1h<\/p>\n<p>&#8211; Thursday, December 18, 2025, 7:00 PM \u2013 Studio Hall<\/p>\n<p>My people were great! &#8211; collective script based on real events of the actors of the troupe<\/p>\n<p>Director: Cristian Ban<\/p>\n<p>Duration: 1h 30min<\/p>\n<p>&#8211; Saturday, December 20, 2025, 7:00 PM \u2013 Studio Hall<\/p>\n<p>,,Father\u201d by Florian Zeller<\/p>\n<p>Director: Radu Iacoban<\/p>\n<p>Duration:1h 40min<\/p>\n<p>&#8211; Sunday, December 21, 2025, 7:00 PM \u2013 Main Hall<\/p>\n<p>Take, Ianke and Cad\u00eer by Victor Ion Popa<\/p>\n<p>Director: Laurian Oniga<\/p>\n<p>Duration: 2h 20min (with intermission)<\/p>\n<div class=\"wpmf-gallerys wpmf-gallerys-life\" ><div id=\"gallery-1\"\n data-gutter-width=\"5\"\n  data-wpmfcolumns=\"3\" class=\"wpmf-gallery gallery-link-post gallery_life gallery-masonry gallery-columns-3 gallery-size-full wpmf-gallery-bottomspace-default wpmf-gallery-clear wpmf-has-border-radius-0 wpmf-gutterwidth-5\"><div class=\"wpmf-gallery-item     wpmf-gallery-item-position-0 wpmf-gallery-item-attachment-2314\" data-index=\"0\"><div class=\"wpmf-gallery-icon\"><a class=\"not_video noLightbox\" data-lightbox=\"0\" data-href=\"https:\/\/dkmt.net\/wp-content\/uploads\/2025\/12\/Cultural-events-in-Arad-Dec-2025-1.jpg\" title=\"Cultural Events In Arad Dec 2025 1\" target=\"_self\" data-index=\"0\"><img class=\"wpmf_img\" alt=\"Cultural Events In Arad Dec 2025 1\" src=\"https:\/\/dkmt.net\/wp-content\/uploads\/2025\/12\/Cultural-events-in-Arad-Dec-2025-1.jpg\" data-type=\"wpmfgalleryimg\" data-lazy-src=\"https:\/\/dkmt.net\/wp-content\/uploads\/2025\/12\/Cultural-events-in-Arad-Dec-2025-1.jpg\"><\/a><\/div><\/div><div class=\"wpmf-gallery-item     wpmf-gallery-item-position-1 wpmf-gallery-item-attachment-2315\" data-index=\"1\"><div class=\"wpmf-gallery-icon\"><a class=\"not_video noLightbox\" data-lightbox=\"0\" data-href=\"https:\/\/dkmt.net\/wp-content\/uploads\/2025\/12\/Cultural-events-in-Arad-Dec-2025-2.jpg\" title=\"Cultural Events In Arad Dec 2025 2\" target=\"_self\" data-index=\"1\"><img class=\"wpmf_img\" alt=\"Cultural Events In Arad Dec 2025 2\" src=\"https:\/\/dkmt.net\/wp-content\/uploads\/2025\/12\/Cultural-events-in-Arad-Dec-2025-2.jpg\" data-type=\"wpmfgalleryimg\" data-lazy-src=\"https:\/\/dkmt.net\/wp-content\/uploads\/2025\/12\/Cultural-events-in-Arad-Dec-2025-2.jpg\"><\/a><\/div><\/div><div class=\"wpmf-gallery-item     wpmf-gallery-item-position-2 wpmf-gallery-item-attachment-2316\" data-index=\"2\"><div class=\"wpmf-gallery-icon\"><a class=\"not_video noLightbox\" data-lightbox=\"0\" data-href=\"https:\/\/dkmt.net\/wp-content\/uploads\/2025\/12\/Cultural-events-in-Arad-Dec-2025-3.jpg\" title=\"Cultural Events In Arad Dec 2025 3\" target=\"_self\" data-index=\"2\"><img class=\"wpmf_img\" alt=\"Cultural Events In Arad Dec 2025 3\" src=\"https:\/\/dkmt.net\/wp-content\/uploads\/2025\/12\/Cultural-events-in-Arad-Dec-2025-3.jpg\" data-type=\"wpmfgalleryimg\" data-lazy-src=\"https:\/\/dkmt.net\/wp-content\/uploads\/2025\/12\/Cultural-events-in-Arad-Dec-2025-3.jpg\"><\/a><\/div><\/div><div class=\"wpmf-gallery-item     wpmf-gallery-item-position-3 wpmf-gallery-item-attachment-2317\" data-index=\"3\"><div class=\"wpmf-gallery-icon\"><a class=\"not_video noLightbox\" data-lightbox=\"0\" data-href=\"https:\/\/dkmt.net\/wp-content\/uploads\/2025\/12\/Cultural-events-in-Arad-Dec-2025-4.jpg\" title=\"Cultural Events In Arad Dec 2025 4\" target=\"_self\" data-index=\"3\"><img class=\"wpmf_img\" alt=\"Cultural Events In Arad Dec 2025 4\" src=\"https:\/\/dkmt.net\/wp-content\/uploads\/2025\/12\/Cultural-events-in-Arad-Dec-2025-4.jpg\" data-type=\"wpmfgalleryimg\" data-lazy-src=\"https:\/\/dkmt.net\/wp-content\/uploads\/2025\/12\/Cultural-events-in-Arad-Dec-2025-4.jpg\"><\/a><\/div><\/div><div class=\"wpmf-gallery-item     wpmf-gallery-item-position-4 wpmf-gallery-item-attachment-2318\" data-index=\"4\"><div class=\"wpmf-gallery-icon\"><a class=\"not_video noLightbox\" data-lightbox=\"0\" data-href=\"https:\/\/dkmt.net\/wp-content\/uploads\/2025\/12\/Cultural-events-in-Arad-Dec-2025-5.jpg\" title=\"Cultural Events In Arad Dec 2025 5\" target=\"_self\" data-index=\"4\"><img class=\"wpmf_img\" alt=\"Cultural Events In Arad Dec 2025 5\" src=\"https:\/\/dkmt.net\/wp-content\/uploads\/2025\/12\/Cultural-events-in-Arad-Dec-2025-5.jpg\" data-type=\"wpmfgalleryimg\" data-lazy-src=\"https:\/\/dkmt.net\/wp-content\/uploads\/2025\/12\/Cultural-events-in-Arad-Dec-2025-5.jpg\"><\/a><\/div><\/div><div class=\"wpmf-gallery-item     wpmf-gallery-item-position-5 wpmf-gallery-item-attachment-2319\" data-index=\"5\"><div class=\"wpmf-gallery-icon\"><a class=\"not_video noLightbox\" data-lightbox=\"0\" data-href=\"https:\/\/dkmt.net\/wp-content\/uploads\/2025\/12\/Cultural-events-in-Arad-Dec-2025-6.jpg\" title=\"Cultural Events In Arad Dec 2025 6\" target=\"_self\" data-index=\"5\"><img class=\"wpmf_img\" alt=\"Cultural Events In Arad Dec 2025 6\" src=\"https:\/\/dkmt.net\/wp-content\/uploads\/2025\/12\/Cultural-events-in-Arad-Dec-2025-6.jpg\" data-type=\"wpmfgalleryimg\" data-lazy-src=\"https:\/\/dkmt.net\/wp-content\/uploads\/2025\/12\/Cultural-events-in-Arad-Dec-2025-6.jpg\"><\/a><\/div><\/div><div class=\"wpmf-gallery-item     wpmf-gallery-item-position-6 wpmf-gallery-item-attachment-2320\" data-index=\"6\"><div class=\"wpmf-gallery-icon\"><a class=\"not_video noLightbox\" data-lightbox=\"0\" data-href=\"https:\/\/dkmt.net\/wp-content\/uploads\/2025\/12\/Cultural-events-in-Arad-Dec-2025-7.jpg\" title=\"Cultural Events In Arad Dec 2025 7\" target=\"_self\" data-index=\"6\"><img class=\"wpmf_img\" alt=\"Cultural Events In Arad Dec 2025 7\" src=\"https:\/\/dkmt.net\/wp-content\/uploads\/2025\/12\/Cultural-events-in-Arad-Dec-2025-7.jpg\" data-type=\"wpmfgalleryimg\" data-lazy-src=\"https:\/\/dkmt.net\/wp-content\/uploads\/2025\/12\/Cultural-events-in-Arad-Dec-2025-7.jpg\"><\/a><\/div><\/div><div class=\"wpmf-gallery-item     wpmf-gallery-item-position-7 wpmf-gallery-item-attachment-2321\" data-index=\"7\"><div class=\"wpmf-gallery-icon\"><a class=\"not_video noLightbox\" data-lightbox=\"0\" data-href=\"https:\/\/dkmt.net\/wp-content\/uploads\/2025\/12\/Cultural-events-in-Arad-Dec-2025-8.jpg\" title=\"Cultural Events In Arad Dec 2025 8\" target=\"_self\" data-index=\"7\"><img class=\"wpmf_img\" alt=\"Cultural Events In Arad Dec 2025 8\" src=\"https:\/\/dkmt.net\/wp-content\/uploads\/2025\/12\/Cultural-events-in-Arad-Dec-2025-8.jpg\" data-type=\"wpmfgalleryimg\" data-lazy-src=\"https:\/\/dkmt.net\/wp-content\/uploads\/2025\/12\/Cultural-events-in-Arad-Dec-2025-8.jpg\"><\/a><\/div><\/div><div class=\"wpmf-gallery-item     wpmf-gallery-item-position-8 wpmf-gallery-item-attachment-2322\" data-index=\"8\"><div class=\"wpmf-gallery-icon\"><a class=\"not_video noLightbox\" data-lightbox=\"0\" data-href=\"https:\/\/dkmt.net\/wp-content\/uploads\/2025\/12\/Cultural-events-in-Arad-Dec-2025-9.jpg\" title=\"Cultural Events In Arad Dec 2025 9\" target=\"_self\" data-index=\"8\"><img class=\"wpmf_img\" alt=\"Cultural Events In Arad Dec 2025 9\" src=\"https:\/\/dkmt.net\/wp-content\/uploads\/2025\/12\/Cultural-events-in-Arad-Dec-2025-9.jpg\" data-type=\"wpmfgalleryimg\" data-lazy-src=\"https:\/\/dkmt.net\/wp-content\/uploads\/2025\/12\/Cultural-events-in-Arad-Dec-2025-9.jpg\"><\/a><\/div><\/div><\/div><\/div>","protected":false},"excerpt":{"rendered":"<p>Arad Museum Complex Permanent exhibitions (all permanent exhibitions are open in the Arad Cultural Palace &#8211; George Enescu Square 1): &#8211; the Museum of Natural Sciences (Arad Cultural Palace, entrance from the Children&#8217;s Park) &#8211; Archaeology (Arad Cultural Palace, entrance from Dragalina Boulevard) &#8211; Art Gallery, Treasure 1848-1849 exhibition, Arad &#8211; December 1989 exhibition (Arad [&hellip;]<\/p>","protected":false},"author":3,"featured_media":0,"comment_status":"closed","ping_status":"closed","template":"","meta":{"inline_featured_image":false,"_links_to":"","_links_to_target":""},"tags":[],"mec_category":[39],"_links":{"self":[{"href":"https:\/\/dkmt.net\/en\/wp-json\/wp\/v2\/mec-events\/2313"}],"collection":[{"href":"https:\/\/dkmt.net\/en\/wp-json\/wp\/v2\/mec-events"}],"about":[{"href":"https:\/\/dkmt.net\/en\/wp-json\/wp\/v2\/types\/mec-events"}],"author":[{"embeddable":true,"href":"https:\/\/dkmt.net\/en\/wp-json\/wp\/v2\/users\/3"}],"replies":[{"embeddable":true,"href":"https:\/\/dkmt.net\/en\/wp-json\/wp\/v2\/comments?post=2313"}],"wp:attachment":[{"href":"https:\/\/dkmt.net\/en\/wp-json\/wp\/v2\/media?parent=2313"}],"wp:term":[{"taxonomy":"post_tag","embeddable":true,"href":"https:\/\/dkmt.net\/en\/wp-json\/wp\/v2\/tags?post=2313"},{"taxonomy":"mec_category","embeddable":true,"href":"https:\/\/dkmt.net\/en\/wp-json\/wp\/v2\/mec_category?post=2313"}],"curies":[{"name":"wp","href":"https:\/\/api.w.org\/{rel}","templated":true}]}}