{"id":1939,"date":"2024-07-14T10:02:10","date_gmt":"2024-07-14T08:02:10","guid":{"rendered":"https:\/\/dkmt.net\/?post_type=mec-events&#038;p=1939"},"modified":"2024-07-14T10:04:32","modified_gmt":"2024-07-14T08:04:32","slug":"leto-na-trgu-galerija-novi-sad","status":"publish","type":"mec-events","link":"https:\/\/dkmt.net\/en\/esemeny\/leto-na-trgu-galerija-novi-sad\/","title":{"rendered":"Leto Na Trgu Galerija &#8211; Novi Sad"},"content":{"rendered":"<p>Adresa: Trg galerija 1, Novi Sad<\/p>\n<p>Od 27. juna do 29. avgusta 2024. godine Trg galerija \u0107e biti u znaku umetnosti i sporta. Ve\u0107 vi\u0161e od decenije program manifestacije \u201eLeto na Trgu galerija\u201d prilago\u0111avao se aktuelnim temama i interesovanjima publike, doprinose\u0107i tome da trg na kome se nalaze tri novosadska muzeja postane zna\u010dajni centar kulture u Novom Sadu. \u201eLeto na Trgu galerija\u201d je do prethodne godine posetilo preko 22 000 posetilaca, \u0161to ovu manifestaciju \u010dini jednim od nezaobilaznih doga\u0111aja tokom letnjih meseci. Program koji obuhvata likovnu, muzi\u010dku, scensku i filmsku umetnost, pru\u017ei\u0107e ljubiteljima kulture nova saznanja na zanimljiv na\u010din, u prijatnom letnjem ambijentu galerijskih vrtova. Ulaz na sve programe je besplatan.<\/p>\n<p>Details: https:\/\/vojvodina.travel\/berbanski-dani-horgos\/ <a href=\"https:\/\/www.galerijamaticesrpske.rs\">https:\/\/www.galerijamaticesrpske.rs<\/a> ; <a href=\"http:\/\/www.beljanskimuseum.rs\">www.beljanskimuseum.rs<\/a> ; <a href=\"http:\/\/www.rmamuzic.rs\">www.rmamuzic.rs<\/a><\/p>","protected":false},"excerpt":{"rendered":"<p>Adresa: Trg galerija 1, Novi Sad Od 27. juna do 29. avgusta 2024. godine Trg galerija \u0107e biti u znaku umetnosti i sporta. Ve\u0107 vi\u0161e od decenije program manifestacije \u201eLeto na Trgu galerija\u201d prilago\u0111avao se aktuelnim temama i interesovanjima publike, doprinose\u0107i tome da trg na kome se nalaze tri novosadska muzeja postane zna\u010dajni centar kulture [&hellip;]<\/p>","protected":false},"author":3,"featured_media":2059,"comment_status":"closed","ping_status":"closed","template":"","meta":{"inline_featured_image":false,"_links_to":"","_links_to_target":""},"tags":[],"mec_category":[39],"_links":{"self":[{"href":"https:\/\/dkmt.net\/en\/wp-json\/wp\/v2\/mec-events\/1939"}],"collection":[{"href":"https:\/\/dkmt.net\/en\/wp-json\/wp\/v2\/mec-events"}],"about":[{"href":"https:\/\/dkmt.net\/en\/wp-json\/wp\/v2\/types\/mec-events"}],"author":[{"embeddable":true,"href":"https:\/\/dkmt.net\/en\/wp-json\/wp\/v2\/users\/3"}],"replies":[{"embeddable":true,"href":"https:\/\/dkmt.net\/en\/wp-json\/wp\/v2\/comments?post=1939"}],"wp:featuredmedia":[{"embeddable":true,"href":"https:\/\/dkmt.net\/en\/wp-json\/wp\/v2\/media\/2059"}],"wp:attachment":[{"href":"https:\/\/dkmt.net\/en\/wp-json\/wp\/v2\/media?parent=1939"}],"wp:term":[{"taxonomy":"post_tag","embeddable":true,"href":"https:\/\/dkmt.net\/en\/wp-json\/wp\/v2\/tags?post=1939"},{"taxonomy":"mec_category","embeddable":true,"href":"https:\/\/dkmt.net\/en\/wp-json\/wp\/v2\/mec_category?post=1939"}],"curies":[{"name":"wp","href":"https:\/\/api.w.org\/{rel}","templated":true}]}}